{"id":14030,"date":"2021-03-18T00:32:39","date_gmt":"2021-03-18T05:32:39","guid":{"rendered":"https:\/\/floristeriasantalucia.com\/?page_id=14030"},"modified":"2021-03-27T16:41:06","modified_gmt":"2021-03-27T21:41:06","slug":"funebres","status":"publish","type":"page","link":"https:\/\/floristeriasantalucia.com\/index.php\/shop\/funebres\/","title":{"rendered":"F\u00fanebres"},"content":{"rendered":"\r\n<blockquote class=\"wp-block-quote is-layout-flow wp-block-quote-is-layout-flow\">\r\n<p>&#8220;La muerte no se lleva a los seres amados. Al contrario, los guarda y los ennoblece en la memoria. La vida s\u00ed que nos los roba muchas veces y definitivamente&#8221;<\/p>\r\n<cite><strong>Fran\u00e7ois Mauriac<\/strong><\/cite><\/blockquote>\r\n\r\n\r\n<hr class=\"wp-block-separator\" \/>\r\n\r\n<div data-block-name=\"woocommerce\/product-category\" data-categories=\"[73]\" class=\"wc-block-grid wp-block-product-category wp-block-woocommerce-product-category wc-block-product-category has-3-columns has-multiple-rows\"><ul class=\"wc-block-grid__products\"><li class=\"wc-block-grid__product\">\n\t\t\t\t<a href=\"https:\/\/floristeriasantalucia.com\/index.php\/product\/corona-esperanza\/\" class=\"wc-block-grid__product-link\">\n\t\t\t\t\t\n\t\t\t\t\t<div class=\"wc-block-grid__product-image\"><img loading=\"lazy\" decoding=\"async\" width=\"380\" height=\"380\" src=\"https:\/\/floristeriasantalucia.com\/wp-content\/uploads\/2022\/01\/esperanza-380x380.jpg\" class=\"attachment-woocommerce_thumbnail size-woocommerce_thumbnail\" alt=\"Corona Esperanza\" srcset=\"https:\/\/floristeriasantalucia.com\/wp-content\/uploads\/2022\/01\/esperanza-380x380.jpg 380w, https:\/\/floristeriasantalucia.com\/wp-content\/uploads\/2022\/01\/esperanza-150x150.jpg 150w, https:\/\/floristeriasantalucia.com\/wp-content\/uploads\/2022\/01\/esperanza-70x70.jpg 70w, https:\/\/floristeriasantalucia.com\/wp-content\/uploads\/2022\/01\/esperanza-300x300.jpg 300w, https:\/\/floristeriasantalucia.com\/wp-content\/uploads\/2022\/01\/esperanza-360x360.jpg 360w, https:\/\/floristeriasantalucia.com\/wp-content\/uploads\/2022\/01\/esperanza-580x580.jpg 580w, https:\/\/floristeriasantalucia.com\/wp-content\/uploads\/2022\/01\/esperanza-100x100.jpg 100w\" sizes=\"auto, (max-width: 380px) 100vw, 380px\" \/><\/div>\n\t\t\t\t\t<div class=\"wc-block-grid__product-title\">Corona Esperanza<\/div>\n\t\t\t\t<\/a>\n\t\t\t\t<div class=\"wc-block-grid__product-price price\"><span class=\"woocommerce-Price-amount amount\"><span><span class=\"woocommerce-Price-currencySymbol\">&#036;<\/span><\/span>260.000<\/span><\/div>\n\t\t\t\t\n\t\t\t\t<div class=\"wp-block-button wc-block-grid__product-add-to-cart\"><a href=\"\/index.php\/wp-json\/wp\/v2\/pages\/14030?add-to-cart=14349\" aria-label=\"Add to cart: &ldquo;Corona Esperanza&rdquo;\" data-quantity=\"1\" data-product_id=\"14349\" data-product_sku=\"\" data-price=\"260000\" rel=\"nofollow\" class=\"wp-block-button__link  add_to_cart_button ajax_add_to_cart\">Adicionar al Carrito<\/a><\/div>\n\t\t\t<\/li><li class=\"wc-block-grid__product\">\n\t\t\t\t<a href=\"https:\/\/floristeriasantalucia.com\/index.php\/product\/la-cruz\/\" class=\"wc-block-grid__product-link\">\n\t\t\t\t\t\n\t\t\t\t\t<div class=\"wc-block-grid__product-image\"><img loading=\"lazy\" decoding=\"async\" width=\"380\" height=\"380\" src=\"https:\/\/floristeriasantalucia.com\/wp-content\/uploads\/2021\/04\/cruz_margaritas-380x380.jpg\" class=\"attachment-woocommerce_thumbnail size-woocommerce_thumbnail\" alt=\"La Cruz\" srcset=\"https:\/\/floristeriasantalucia.com\/wp-content\/uploads\/2021\/04\/cruz_margaritas-380x380.jpg 380w, https:\/\/floristeriasantalucia.com\/wp-content\/uploads\/2021\/04\/cruz_margaritas-300x300.jpg 300w, https:\/\/floristeriasantalucia.com\/wp-content\/uploads\/2021\/04\/cruz_margaritas-150x150.jpg 150w, https:\/\/floristeriasantalucia.com\/wp-content\/uploads\/2021\/04\/cruz_margaritas-70x70.jpg 70w, https:\/\/floristeriasantalucia.com\/wp-content\/uploads\/2021\/04\/cruz_margaritas-360x360.jpg 360w, https:\/\/floristeriasantalucia.com\/wp-content\/uploads\/2021\/04\/cruz_margaritas-100x100.jpg 100w, https:\/\/floristeriasantalucia.com\/wp-content\/uploads\/2021\/04\/cruz_margaritas.jpg 550w\" sizes=\"auto, (max-width: 380px) 100vw, 380px\" \/><\/div>\n\t\t\t\t\t<div class=\"wc-block-grid__product-title\">La Cruz<\/div>\n\t\t\t\t<\/a>\n\t\t\t\t<div class=\"wc-block-grid__product-price price\"><span class=\"woocommerce-Price-amount amount\"><span><span class=\"woocommerce-Price-currencySymbol\">&#036;<\/span><\/span>255.000<\/span><\/div>\n\t\t\t\t\n\t\t\t\t<div class=\"wp-block-button wc-block-grid__product-add-to-cart\"><a href=\"\/index.php\/wp-json\/wp\/v2\/pages\/14030?add-to-cart=14286\" aria-label=\"Add to cart: &ldquo;La Cruz&rdquo;\" data-quantity=\"1\" data-product_id=\"14286\" data-product_sku=\"\" data-price=\"255000\" rel=\"nofollow\" class=\"wp-block-button__link  add_to_cart_button ajax_add_to_cart\">Adicionar al Carrito<\/a><\/div>\n\t\t\t<\/li><li class=\"wc-block-grid__product\">\n\t\t\t\t<a href=\"https:\/\/floristeriasantalucia.com\/index.php\/product\/corona-roja\/\" class=\"wc-block-grid__product-link\">\n\t\t\t\t\t\n\t\t\t\t\t<div class=\"wc-block-grid__product-image\"><img loading=\"lazy\" decoding=\"async\" width=\"380\" height=\"380\" src=\"https:\/\/floristeriasantalucia.com\/wp-content\/uploads\/2021\/04\/corona_rosas-380x380.jpg\" class=\"attachment-woocommerce_thumbnail size-woocommerce_thumbnail\" alt=\"Corona Roja\" srcset=\"https:\/\/floristeriasantalucia.com\/wp-content\/uploads\/2021\/04\/corona_rosas-380x380.jpg 380w, https:\/\/floristeriasantalucia.com\/wp-content\/uploads\/2021\/04\/corona_rosas-300x300.jpg 300w, https:\/\/floristeriasantalucia.com\/wp-content\/uploads\/2021\/04\/corona_rosas-150x150.jpg 150w, https:\/\/floristeriasantalucia.com\/wp-content\/uploads\/2021\/04\/corona_rosas-70x70.jpg 70w, https:\/\/floristeriasantalucia.com\/wp-content\/uploads\/2021\/04\/corona_rosas-360x360.jpg 360w, https:\/\/floristeriasantalucia.com\/wp-content\/uploads\/2021\/04\/corona_rosas-100x100.jpg 100w, https:\/\/floristeriasantalucia.com\/wp-content\/uploads\/2021\/04\/corona_rosas.jpg 550w\" sizes=\"auto, (max-width: 380px) 100vw, 380px\" \/><\/div>\n\t\t\t\t\t<div class=\"wc-block-grid__product-title\">Corona Roja<\/div>\n\t\t\t\t<\/a>\n\t\t\t\t<div class=\"wc-block-grid__product-price price\"><span class=\"woocommerce-Price-amount amount\"><span><span class=\"woocommerce-Price-currencySymbol\">&#036;<\/span><\/span>245.000<\/span><\/div>\n\t\t\t\t\n\t\t\t\t<div class=\"wp-block-button wc-block-grid__product-add-to-cart\"><a href=\"\/index.php\/wp-json\/wp\/v2\/pages\/14030?add-to-cart=14268\" aria-label=\"Add to cart: &ldquo;Corona Roja&rdquo;\" data-quantity=\"1\" data-product_id=\"14268\" data-product_sku=\"\" data-price=\"245000\" rel=\"nofollow\" class=\"wp-block-button__link  add_to_cart_button ajax_add_to_cart\">Adicionar al Carrito<\/a><\/div>\n\t\t\t<\/li><li class=\"wc-block-grid__product\">\n\t\t\t\t<a href=\"https:\/\/floristeriasantalucia.com\/index.php\/product\/corona-mayana\/\" class=\"wc-block-grid__product-link\">\n\t\t\t\t\t\n\t\t\t\t\t<div class=\"wc-block-grid__product-image\"><img loading=\"lazy\" decoding=\"async\" width=\"380\" height=\"380\" src=\"https:\/\/floristeriasantalucia.com\/wp-content\/uploads\/2021\/04\/corona_rosaspalma-380x380.jpg\" class=\"attachment-woocommerce_thumbnail size-woocommerce_thumbnail\" alt=\"Corona Mayana\" srcset=\"https:\/\/floristeriasantalucia.com\/wp-content\/uploads\/2021\/04\/corona_rosaspalma-380x380.jpg 380w, https:\/\/floristeriasantalucia.com\/wp-content\/uploads\/2021\/04\/corona_rosaspalma-300x300.jpg 300w, https:\/\/floristeriasantalucia.com\/wp-content\/uploads\/2021\/04\/corona_rosaspalma-150x150.jpg 150w, https:\/\/floristeriasantalucia.com\/wp-content\/uploads\/2021\/04\/corona_rosaspalma-70x70.jpg 70w, https:\/\/floristeriasantalucia.com\/wp-content\/uploads\/2021\/04\/corona_rosaspalma-360x360.jpg 360w, https:\/\/floristeriasantalucia.com\/wp-content\/uploads\/2021\/04\/corona_rosaspalma-100x100.jpg 100w, https:\/\/floristeriasantalucia.com\/wp-content\/uploads\/2021\/04\/corona_rosaspalma.jpg 550w\" sizes=\"auto, (max-width: 380px) 100vw, 380px\" \/><\/div>\n\t\t\t\t\t<div class=\"wc-block-grid__product-title\">Corona Mayana<\/div>\n\t\t\t\t<\/a>\n\t\t\t\t<div class=\"wc-block-grid__product-price price\"><span class=\"woocommerce-Price-amount amount\"><span><span class=\"woocommerce-Price-currencySymbol\">&#036;<\/span><\/span>265.000<\/span><\/div>\n\t\t\t\t\n\t\t\t\t<div class=\"wp-block-button wc-block-grid__product-add-to-cart\"><a href=\"\/index.php\/wp-json\/wp\/v2\/pages\/14030?add-to-cart=14267\" aria-label=\"Add to cart: &ldquo;Corona Mayana&rdquo;\" data-quantity=\"1\" data-product_id=\"14267\" data-product_sku=\"\" data-price=\"265000\" rel=\"nofollow\" class=\"wp-block-button__link  add_to_cart_button ajax_add_to_cart\">Adicionar al Carrito<\/a><\/div>\n\t\t\t<\/li><li class=\"wc-block-grid__product\">\n\t\t\t\t<a href=\"https:\/\/floristeriasantalucia.com\/index.php\/product\/shin-blanco\/\" class=\"wc-block-grid__product-link\">\n\t\t\t\t\t\n\t\t\t\t\t<div class=\"wc-block-grid__product-image\"><img loading=\"lazy\" decoding=\"async\" width=\"380\" height=\"380\" src=\"https:\/\/floristeriasantalucia.com\/wp-content\/uploads\/2021\/04\/cubrecaja_vip-380x380.jpg\" class=\"attachment-woocommerce_thumbnail size-woocommerce_thumbnail\" alt=\"Shin Blanco\" srcset=\"https:\/\/floristeriasantalucia.com\/wp-content\/uploads\/2021\/04\/cubrecaja_vip-380x380.jpg 380w, https:\/\/floristeriasantalucia.com\/wp-content\/uploads\/2021\/04\/cubrecaja_vip-300x300.jpg 300w, https:\/\/floristeriasantalucia.com\/wp-content\/uploads\/2021\/04\/cubrecaja_vip-150x150.jpg 150w, https:\/\/floristeriasantalucia.com\/wp-content\/uploads\/2021\/04\/cubrecaja_vip-70x70.jpg 70w, https:\/\/floristeriasantalucia.com\/wp-content\/uploads\/2021\/04\/cubrecaja_vip-360x360.jpg 360w, https:\/\/floristeriasantalucia.com\/wp-content\/uploads\/2021\/04\/cubrecaja_vip-100x100.jpg 100w, https:\/\/floristeriasantalucia.com\/wp-content\/uploads\/2021\/04\/cubrecaja_vip.jpg 550w\" sizes=\"auto, (max-width: 380px) 100vw, 380px\" \/><\/div>\n\t\t\t\t\t<div class=\"wc-block-grid__product-title\">Shin Blanco<\/div>\n\t\t\t\t<\/a>\n\t\t\t\t<div class=\"wc-block-grid__product-price price\"><span class=\"woocommerce-Price-amount amount\"><span><span class=\"woocommerce-Price-currencySymbol\">&#036;<\/span><\/span>250.000<\/span><\/div>\n\t\t\t\t\n\t\t\t\t<div class=\"wp-block-button wc-block-grid__product-add-to-cart\"><a href=\"\/index.php\/wp-json\/wp\/v2\/pages\/14030?add-to-cart=14266\" aria-label=\"Add to cart: &ldquo;Shin Blanco&rdquo;\" data-quantity=\"1\" data-product_id=\"14266\" data-product_sku=\"\" data-price=\"250000\" rel=\"nofollow\" class=\"wp-block-button__link  add_to_cart_button ajax_add_to_cart\">Adicionar al Carrito<\/a><\/div>\n\t\t\t<\/li><li class=\"wc-block-grid__product\">\n\t\t\t\t<a href=\"https:\/\/floristeriasantalucia.com\/index.php\/product\/blanca-pureza\/\" class=\"wc-block-grid__product-link\">\n\t\t\t\t\t\n\t\t\t\t\t<div class=\"wc-block-grid__product-image\"><img loading=\"lazy\" decoding=\"async\" width=\"380\" height=\"380\" src=\"https:\/\/floristeriasantalucia.com\/wp-content\/uploads\/2021\/03\/white_roses-380x380.jpg\" class=\"attachment-woocommerce_thumbnail size-woocommerce_thumbnail\" alt=\"Blanca Pureza\" srcset=\"https:\/\/floristeriasantalucia.com\/wp-content\/uploads\/2021\/03\/white_roses-380x380.jpg 380w, https:\/\/floristeriasantalucia.com\/wp-content\/uploads\/2021\/03\/white_roses-300x300.jpg 300w, https:\/\/floristeriasantalucia.com\/wp-content\/uploads\/2021\/03\/white_roses-150x150.jpg 150w, https:\/\/floristeriasantalucia.com\/wp-content\/uploads\/2021\/03\/white_roses-70x70.jpg 70w, https:\/\/floristeriasantalucia.com\/wp-content\/uploads\/2021\/03\/white_roses-360x360.jpg 360w, https:\/\/floristeriasantalucia.com\/wp-content\/uploads\/2021\/03\/white_roses-100x100.jpg 100w, https:\/\/floristeriasantalucia.com\/wp-content\/uploads\/2021\/03\/white_roses.jpg 550w\" sizes=\"auto, (max-width: 380px) 100vw, 380px\" \/><\/div>\n\t\t\t\t\t<div class=\"wc-block-grid__product-title\">Blanca Pureza<\/div>\n\t\t\t\t<\/a>\n\t\t\t\t<div class=\"wc-block-grid__product-price price\"><span class=\"woocommerce-Price-amount amount\"><span><span class=\"woocommerce-Price-currencySymbol\">&#036;<\/span><\/span>190.000<\/span><\/div>\n\t\t\t\t\n\t\t\t\t<div class=\"wp-block-button wc-block-grid__product-add-to-cart\"><a href=\"\/index.php\/wp-json\/wp\/v2\/pages\/14030?add-to-cart=14164\" aria-label=\"Add to cart: &ldquo;Blanca Pureza&rdquo;\" data-quantity=\"1\" data-product_id=\"14164\" data-product_sku=\"\" data-price=\"190000\" rel=\"nofollow\" class=\"wp-block-button__link  add_to_cart_button ajax_add_to_cart\">Adicionar al Carrito<\/a><\/div>\n\t\t\t<\/li><li class=\"wc-block-grid__product\">\n\t\t\t\t<a href=\"https:\/\/floristeriasantalucia.com\/index.php\/product\/corona-de-calma\/\" class=\"wc-block-grid__product-link\">\n\t\t\t\t\t\n\t\t\t\t\t<div class=\"wc-block-grid__product-image\"><img loading=\"lazy\" decoding=\"async\" width=\"380\" height=\"380\" src=\"https:\/\/floristeriasantalucia.com\/wp-content\/uploads\/2021\/03\/fune2-380x380.jpg\" class=\"attachment-woocommerce_thumbnail size-woocommerce_thumbnail\" alt=\"Corona de Calma\" srcset=\"https:\/\/floristeriasantalucia.com\/wp-content\/uploads\/2021\/03\/fune2-380x380.jpg 380w, https:\/\/floristeriasantalucia.com\/wp-content\/uploads\/2021\/03\/fune2-300x300.jpg 300w, https:\/\/floristeriasantalucia.com\/wp-content\/uploads\/2021\/03\/fune2-150x150.jpg 150w, https:\/\/floristeriasantalucia.com\/wp-content\/uploads\/2021\/03\/fune2-70x70.jpg 70w, https:\/\/floristeriasantalucia.com\/wp-content\/uploads\/2021\/03\/fune2-360x360.jpg 360w, https:\/\/floristeriasantalucia.com\/wp-content\/uploads\/2021\/03\/fune2-100x100.jpg 100w, https:\/\/floristeriasantalucia.com\/wp-content\/uploads\/2021\/03\/fune2.jpg 550w\" sizes=\"auto, (max-width: 380px) 100vw, 380px\" \/><\/div>\n\t\t\t\t\t<div class=\"wc-block-grid__product-title\">Corona de Calma<\/div>\n\t\t\t\t<\/a>\n\t\t\t\t<div class=\"wc-block-grid__product-price price\"><span class=\"woocommerce-Price-amount amount\"><span><span class=\"woocommerce-Price-currencySymbol\">&#036;<\/span><\/span>260.000<\/span><\/div>\n\t\t\t\t\n\t\t\t\t<div class=\"wp-block-button wc-block-grid__product-add-to-cart\"><a href=\"\/index.php\/wp-json\/wp\/v2\/pages\/14030?add-to-cart=14154\" aria-label=\"Add to cart: &ldquo;Corona de Calma&rdquo;\" data-quantity=\"1\" data-product_id=\"14154\" data-product_sku=\"\" data-price=\"260000\" rel=\"nofollow\" class=\"wp-block-button__link  add_to_cart_button ajax_add_to_cart\">Adicionar al Carrito<\/a><\/div>\n\t\t\t<\/li><li class=\"wc-block-grid__product\">\n\t\t\t\t<a href=\"https:\/\/floristeriasantalucia.com\/index.php\/product\/aro-de-paz\/\" class=\"wc-block-grid__product-link\">\n\t\t\t\t\t\n\t\t\t\t\t<div class=\"wc-block-grid__product-image\"><img loading=\"lazy\" decoding=\"async\" width=\"380\" height=\"380\" src=\"https:\/\/floristeriasantalucia.com\/wp-content\/uploads\/2021\/03\/fune1-380x380.jpg\" class=\"attachment-woocommerce_thumbnail size-woocommerce_thumbnail\" alt=\"Aro de Paz\" srcset=\"https:\/\/floristeriasantalucia.com\/wp-content\/uploads\/2021\/03\/fune1-380x380.jpg 380w, https:\/\/floristeriasantalucia.com\/wp-content\/uploads\/2021\/03\/fune1-300x300.jpg 300w, https:\/\/floristeriasantalucia.com\/wp-content\/uploads\/2021\/03\/fune1-150x150.jpg 150w, https:\/\/floristeriasantalucia.com\/wp-content\/uploads\/2021\/03\/fune1-70x70.jpg 70w, https:\/\/floristeriasantalucia.com\/wp-content\/uploads\/2021\/03\/fune1-360x360.jpg 360w, https:\/\/floristeriasantalucia.com\/wp-content\/uploads\/2021\/03\/fune1-100x100.jpg 100w, https:\/\/floristeriasantalucia.com\/wp-content\/uploads\/2021\/03\/fune1.jpg 550w\" sizes=\"auto, (max-width: 380px) 100vw, 380px\" \/><\/div>\n\t\t\t\t\t<div class=\"wc-block-grid__product-title\">Aro de Paz<\/div>\n\t\t\t\t<\/a>\n\t\t\t\t<div class=\"wc-block-grid__product-price price\"><span class=\"woocommerce-Price-amount amount\"><span><span class=\"woocommerce-Price-currencySymbol\">&#036;<\/span><\/span>250.000<\/span><\/div>\n\t\t\t\t\n\t\t\t\t<div class=\"wp-block-button wc-block-grid__product-add-to-cart\"><a href=\"\/index.php\/wp-json\/wp\/v2\/pages\/14030?add-to-cart=14153\" aria-label=\"Add to cart: &ldquo;Aro de Paz&rdquo;\" data-quantity=\"1\" data-product_id=\"14153\" data-product_sku=\"\" data-price=\"250000\" rel=\"nofollow\" class=\"wp-block-button__link  add_to_cart_button ajax_add_to_cart\">Adicionar al Carrito<\/a><\/div>\n\t\t\t<\/li><li class=\"wc-block-grid__product\">\n\t\t\t\t<a href=\"https:\/\/floristeriasantalucia.com\/index.php\/product\/spring-delight\/\" class=\"wc-block-grid__product-link\">\n\t\t\t\t\t\n\t\t\t\t\t<div class=\"wc-block-grid__product-image\"><img loading=\"lazy\" decoding=\"async\" width=\"380\" height=\"380\" src=\"https:\/\/floristeriasantalucia.com\/wp-content\/uploads\/2017\/05\/coronafunebre-380x380.jpg\" class=\"attachment-woocommerce_thumbnail size-woocommerce_thumbnail\" alt=\"Corona de Paz\" srcset=\"https:\/\/floristeriasantalucia.com\/wp-content\/uploads\/2017\/05\/coronafunebre-380x380.jpg 380w, https:\/\/floristeriasantalucia.com\/wp-content\/uploads\/2017\/05\/coronafunebre-300x300.jpg 300w, https:\/\/floristeriasantalucia.com\/wp-content\/uploads\/2017\/05\/coronafunebre-150x150.jpg 150w, https:\/\/floristeriasantalucia.com\/wp-content\/uploads\/2017\/05\/coronafunebre-70x70.jpg 70w, https:\/\/floristeriasantalucia.com\/wp-content\/uploads\/2017\/05\/coronafunebre-360x360.jpg 360w, https:\/\/floristeriasantalucia.com\/wp-content\/uploads\/2017\/05\/coronafunebre-100x100.jpg 100w, https:\/\/floristeriasantalucia.com\/wp-content\/uploads\/2017\/05\/coronafunebre.jpg 550w\" sizes=\"auto, (max-width: 380px) 100vw, 380px\" \/><\/div>\n\t\t\t\t\t<div class=\"wc-block-grid__product-title\">Corona de Paz<\/div>\n\t\t\t\t<\/a>\n\t\t\t\t<div class=\"wc-block-grid__product-price price\"><span class=\"woocommerce-Price-amount amount\"><span><span class=\"woocommerce-Price-currencySymbol\">&#036;<\/span><\/span>260.000<\/span><\/div>\n\t\t\t\t\n\t\t\t\t<div class=\"wp-block-button wc-block-grid__product-add-to-cart\"><a href=\"\/index.php\/wp-json\/wp\/v2\/pages\/14030?add-to-cart=13085\" aria-label=\"Add to cart: &ldquo;Corona de Paz&rdquo;\" data-quantity=\"1\" data-product_id=\"13085\" data-product_sku=\"\" data-price=\"260000\" rel=\"nofollow\" class=\"wp-block-button__link  add_to_cart_button ajax_add_to_cart\">Adicionar al Carrito<\/a><\/div>\n\t\t\t<\/li><\/ul><\/div>\r\n\r\n<hr class=\"wp-block-separator\" \/>","protected":false},"excerpt":{"rendered":"<p>&#8220;La muerte no se lleva a los seres amados. Al contrario, los guarda y los ennoblece en la memoria. La vida s\u00ed que nos los roba muchas veces y definitivamente&#8221; Fran\u00e7ois Mauriac<\/p>\n","protected":false},"author":1,"featured_media":0,"parent":9,"menu_order":0,"comment_status":"closed","ping_status":"closed","template":"","meta":{"footnotes":""},"class_list":["post-14030","page","type-page","status-publish","hentry"],"yoast_head":"<!-- This site is optimized with the Yoast SEO plugin v26.8 - https:\/\/yoast.com\/product\/yoast-seo-wordpress\/ -->\n<title>F\u00fanebres - Florister\u00eda Santa Luc\u00eda<\/title>\n<meta name=\"robots\" content=\"index, follow, max-snippet:-1, max-image-preview:large, max-video-preview:-1\" \/>\n<link rel=\"canonical\" href=\"https:\/\/floristeriasantalucia.com\/index.php\/shop\/funebres\/\" \/>\n<meta property=\"og:locale\" content=\"en_US\" \/>\n<meta property=\"og:type\" content=\"article\" \/>\n<meta property=\"og:title\" content=\"F\u00fanebres - Florister\u00eda Santa Luc\u00eda\" \/>\n<meta property=\"og:description\" content=\"&#8220;La muerte no se lleva a los seres amados. Al contrario, los guarda y los ennoblece en la memoria. La vida s\u00ed que nos los roba muchas veces y definitivamente&#8221; Fran\u00e7ois Mauriac\" \/>\n<meta property=\"og:url\" content=\"https:\/\/floristeriasantalucia.com\/index.php\/shop\/funebres\/\" \/>\n<meta property=\"og:site_name\" content=\"Florister\u00eda Santa Luc\u00eda\" \/>\n<meta property=\"article:modified_time\" content=\"2021-03-27T21:41:06+00:00\" \/>\n<meta name=\"twitter:card\" content=\"summary_large_image\" \/>\n<meta name=\"twitter:label1\" content=\"Est. reading time\" \/>\n\t<meta name=\"twitter:data1\" content=\"1 minute\" \/>\n<script type=\"application\/ld+json\" class=\"yoast-schema-graph\">{\"@context\":\"https:\/\/schema.org\",\"@graph\":[{\"@type\":\"WebPage\",\"@id\":\"https:\/\/floristeriasantalucia.com\/index.php\/shop\/funebres\/\",\"url\":\"https:\/\/floristeriasantalucia.com\/index.php\/shop\/funebres\/\",\"name\":\"F\u00fanebres - Florister\u00eda Santa Luc\u00eda\",\"isPartOf\":{\"@id\":\"https:\/\/floristeriasantalucia.com\/#website\"},\"datePublished\":\"2021-03-18T05:32:39+00:00\",\"dateModified\":\"2021-03-27T21:41:06+00:00\",\"breadcrumb\":{\"@id\":\"https:\/\/floristeriasantalucia.com\/index.php\/shop\/funebres\/#breadcrumb\"},\"inLanguage\":\"en-US\",\"potentialAction\":[{\"@type\":\"ReadAction\",\"target\":[\"https:\/\/floristeriasantalucia.com\/index.php\/shop\/funebres\/\"]}]},{\"@type\":\"BreadcrumbList\",\"@id\":\"https:\/\/floristeriasantalucia.com\/index.php\/shop\/funebres\/#breadcrumb\",\"itemListElement\":[{\"@type\":\"ListItem\",\"position\":1,\"name\":\"Home\",\"item\":\"https:\/\/floristeriasantalucia.com\/\"},{\"@type\":\"ListItem\",\"position\":2,\"name\":\"Tienda Virtual\",\"item\":\"https:\/\/floristeriasantalucia.com\/index.php\/shop\/\"},{\"@type\":\"ListItem\",\"position\":3,\"name\":\"F\u00fanebres\"}]},{\"@type\":\"WebSite\",\"@id\":\"https:\/\/floristeriasantalucia.com\/#website\",\"url\":\"https:\/\/floristeriasantalucia.com\/\",\"name\":\"Florister\u00eda Santa Luc\u00eda\",\"description\":\"Tus sentimientos expr\u00e9salos con flores\",\"publisher\":{\"@id\":\"https:\/\/floristeriasantalucia.com\/#organization\"},\"potentialAction\":[{\"@type\":\"SearchAction\",\"target\":{\"@type\":\"EntryPoint\",\"urlTemplate\":\"https:\/\/floristeriasantalucia.com\/?s={search_term_string}\"},\"query-input\":{\"@type\":\"PropertyValueSpecification\",\"valueRequired\":true,\"valueName\":\"search_term_string\"}}],\"inLanguage\":\"en-US\"},{\"@type\":\"Organization\",\"@id\":\"https:\/\/floristeriasantalucia.com\/#organization\",\"name\":\"Florister\u00eda Santa Luc\u00eda\",\"url\":\"https:\/\/floristeriasantalucia.com\/\",\"logo\":{\"@type\":\"ImageObject\",\"inLanguage\":\"en-US\",\"@id\":\"https:\/\/floristeriasantalucia.com\/#\/schema\/logo\/image\/\",\"url\":\"https:\/\/floristeriasantalucia.com\/wp-content\/uploads\/2021\/03\/logo_santalucia-06.png\",\"contentUrl\":\"https:\/\/floristeriasantalucia.com\/wp-content\/uploads\/2021\/03\/logo_santalucia-06.png\",\"width\":310,\"height\":133,\"caption\":\"Florister\u00eda Santa Luc\u00eda\"},\"image\":{\"@id\":\"https:\/\/floristeriasantalucia.com\/#\/schema\/logo\/image\/\"}}]}<\/script>\n<!-- \/ Yoast SEO plugin. -->","yoast_head_json":{"title":"F\u00fanebres - Florister\u00eda Santa Luc\u00eda","robots":{"index":"index","follow":"follow","max-snippet":"max-snippet:-1","max-image-preview":"max-image-preview:large","max-video-preview":"max-video-preview:-1"},"canonical":"https:\/\/floristeriasantalucia.com\/index.php\/shop\/funebres\/","og_locale":"en_US","og_type":"article","og_title":"F\u00fanebres - Florister\u00eda Santa Luc\u00eda","og_description":"&#8220;La muerte no se lleva a los seres amados. Al contrario, los guarda y los ennoblece en la memoria. La vida s\u00ed que nos los roba muchas veces y definitivamente&#8221; Fran\u00e7ois Mauriac","og_url":"https:\/\/floristeriasantalucia.com\/index.php\/shop\/funebres\/","og_site_name":"Florister\u00eda Santa Luc\u00eda","article_modified_time":"2021-03-27T21:41:06+00:00","twitter_card":"summary_large_image","twitter_misc":{"Est. reading time":"1 minute"},"schema":{"@context":"https:\/\/schema.org","@graph":[{"@type":"WebPage","@id":"https:\/\/floristeriasantalucia.com\/index.php\/shop\/funebres\/","url":"https:\/\/floristeriasantalucia.com\/index.php\/shop\/funebres\/","name":"F\u00fanebres - Florister\u00eda Santa Luc\u00eda","isPartOf":{"@id":"https:\/\/floristeriasantalucia.com\/#website"},"datePublished":"2021-03-18T05:32:39+00:00","dateModified":"2021-03-27T21:41:06+00:00","breadcrumb":{"@id":"https:\/\/floristeriasantalucia.com\/index.php\/shop\/funebres\/#breadcrumb"},"inLanguage":"en-US","potentialAction":[{"@type":"ReadAction","target":["https:\/\/floristeriasantalucia.com\/index.php\/shop\/funebres\/"]}]},{"@type":"BreadcrumbList","@id":"https:\/\/floristeriasantalucia.com\/index.php\/shop\/funebres\/#breadcrumb","itemListElement":[{"@type":"ListItem","position":1,"name":"Home","item":"https:\/\/floristeriasantalucia.com\/"},{"@type":"ListItem","position":2,"name":"Tienda Virtual","item":"https:\/\/floristeriasantalucia.com\/index.php\/shop\/"},{"@type":"ListItem","position":3,"name":"F\u00fanebres"}]},{"@type":"WebSite","@id":"https:\/\/floristeriasantalucia.com\/#website","url":"https:\/\/floristeriasantalucia.com\/","name":"Florister\u00eda Santa Luc\u00eda","description":"Tus sentimientos expr\u00e9salos con flores","publisher":{"@id":"https:\/\/floristeriasantalucia.com\/#organization"},"potentialAction":[{"@type":"SearchAction","target":{"@type":"EntryPoint","urlTemplate":"https:\/\/floristeriasantalucia.com\/?s={search_term_string}"},"query-input":{"@type":"PropertyValueSpecification","valueRequired":true,"valueName":"search_term_string"}}],"inLanguage":"en-US"},{"@type":"Organization","@id":"https:\/\/floristeriasantalucia.com\/#organization","name":"Florister\u00eda Santa Luc\u00eda","url":"https:\/\/floristeriasantalucia.com\/","logo":{"@type":"ImageObject","inLanguage":"en-US","@id":"https:\/\/floristeriasantalucia.com\/#\/schema\/logo\/image\/","url":"https:\/\/floristeriasantalucia.com\/wp-content\/uploads\/2021\/03\/logo_santalucia-06.png","contentUrl":"https:\/\/floristeriasantalucia.com\/wp-content\/uploads\/2021\/03\/logo_santalucia-06.png","width":310,"height":133,"caption":"Florister\u00eda Santa Luc\u00eda"},"image":{"@id":"https:\/\/floristeriasantalucia.com\/#\/schema\/logo\/image\/"}}]}},"_links":{"self":[{"href":"https:\/\/floristeriasantalucia.com\/index.php\/wp-json\/wp\/v2\/pages\/14030","targetHints":{"allow":["GET"]}}],"collection":[{"href":"https:\/\/floristeriasantalucia.com\/index.php\/wp-json\/wp\/v2\/pages"}],"about":[{"href":"https:\/\/floristeriasantalucia.com\/index.php\/wp-json\/wp\/v2\/types\/page"}],"author":[{"embeddable":true,"href":"https:\/\/floristeriasantalucia.com\/index.php\/wp-json\/wp\/v2\/users\/1"}],"replies":[{"embeddable":true,"href":"https:\/\/floristeriasantalucia.com\/index.php\/wp-json\/wp\/v2\/comments?post=14030"}],"version-history":[{"count":8,"href":"https:\/\/floristeriasantalucia.com\/index.php\/wp-json\/wp\/v2\/pages\/14030\/revisions"}],"predecessor-version":[{"id":14197,"href":"https:\/\/floristeriasantalucia.com\/index.php\/wp-json\/wp\/v2\/pages\/14030\/revisions\/14197"}],"up":[{"embeddable":true,"href":"https:\/\/floristeriasantalucia.com\/index.php\/wp-json\/wp\/v2\/pages\/9"}],"wp:attachment":[{"href":"https:\/\/floristeriasantalucia.com\/index.php\/wp-json\/wp\/v2\/media?parent=14030"}],"curies":[{"name":"wp","href":"https:\/\/api.w.org\/{rel}","templated":true}]}}